{"id":13,"date":"2014-01-24T22:29:56","date_gmt":"2014-01-24T21:29:56","guid":{"rendered":"http:\/\/www.canrayo.com\/?page_id=13"},"modified":"2023-03-22T17:30:05","modified_gmt":"2023-03-22T15:30:05","slug":"schnauzer-miniatura-negro-principal","status":"publish","type":"page","link":"https:\/\/www.canrayo.com\/ca\/schnauzer-miniatura-negro-principal\/","title":{"rendered":"Can Rayo &#8211; Schnauzer Miniatura Negro"},"content":{"rendered":"<p><center><a href=\"\/wp-content\/uploads\/2014\/01\/image2.jpg\"><img loading=\"lazy\" decoding=\"async\" class=\"alignnone wp-image-983 size-medium\" src=\"https:\/\/www.canrayo.com\/wp-content\/uploads\/2014\/01\/image2-600x227.jpg\" alt=\"Can Rayo - Criador de Schnauzer Miniatura Negro\" width=\"600\" height=\"227\" title=\"Can Rayo - Criador de Schnauzer Miniatura Negro\" srcset=\"https:\/\/www.canrayo.com\/wp-content\/uploads\/2014\/01\/image2-600x227.jpg 600w, https:\/\/www.canrayo.com\/wp-content\/uploads\/2014\/01\/image2-250x94.jpg 250w, https:\/\/www.canrayo.com\/wp-content\/uploads\/2014\/01\/image2-150x56.jpg 150w, https:\/\/www.canrayo.com\/wp-content\/uploads\/2014\/01\/image2.jpg 800w\" sizes=\"auto, (max-width: 600px) 100vw, 600px\" \/><\/a><\/center><\/p>\n<h1>Benvinguts a <span style=\"color: #ff0000;\">CAN RAYO<\/span><\/h1>\n<p>Us conviden a visitar la nostra p\u00e0gina web, amb l\u00b4ilusi\u00f3 de mostrar-vos i compartir amb vosaltres les nostres inquietuts i els nostres m\u00e9s preuats tresors.<\/p>\n<p><div id=\"metaslider-id-1400\" style=\"max-width: 900px; margin: 0 auto;\" class=\"ml-slider-3-108-0 metaslider metaslider-flex metaslider-1400 ml-slider has-dots-nav ms-theme-default\" role=\"region\" aria-label=\"Nuevo pase\" data-height=\"580\" data-width=\"900\">\n    <div id=\"metaslider_container_1400\">\n        <div id=\"metaslider_1400\">\n            <ul class='slides'>\n                <li style=\"display: block; width: 100%;\" class=\"slide-2731 ms-image \" aria-roledescription=\"slide\" data-date=\"2019-02-05 13:02:43\" data-filename=\"Camada-schnauzer-miniatura-negro-y-negro-plata-Can-Rayo-900x580.jpeg\" data-slide-type=\"image\"><img loading=\"lazy\" decoding=\"async\" src=\"https:\/\/www.canrayo.com\/wp-content\/uploads\/2019\/02\/Camada-schnauzer-miniatura-negro-y-negro-plata-Can-Rayo-900x580.jpeg\" height=\"580\" width=\"900\" alt=\"\" class=\"slider-1400 slide-2731 msDefaultImage\" title=\"Camada schnauzer miniatura negro y negro-plata Can Rayo\" \/><\/li>\n                <li style=\"display: none; width: 100%;\" class=\"slide-1408 ms-image \" aria-roledescription=\"slide\" data-date=\"2015-11-02 23:58:24\" data-filename=\"20151102073011-900x580.jpg\" data-slide-type=\"image\"><a href=\"http:\/\/www.canrayo.com\/nuestros-ejemplares\/nuestros-machos\/uzi-latoya-del-casa-di-vita\/\" target=\"_self\" aria-label=\"View Slide Details\" class=\"metaslider_image_link\"><img loading=\"lazy\" decoding=\"async\" src=\"https:\/\/www.canrayo.com\/wp-content\/uploads\/2015\/11\/20151102073011-900x580.jpg\" height=\"580\" width=\"900\" alt=\"Ego de Can Rayo y su padre Uzi Latoya D\u2019el Casa di Vita - Schanuzer Miniatura Negro\" class=\"slider-1400 slide-1408 msDefaultImage\" title=\"Uzi y Ego\" \/><\/a><\/li>\n                <li style=\"display: none; width: 100%;\" class=\"slide-2443 ms-image \" aria-roledescription=\"slide\" data-date=\"2018-10-19 15:40:37\" data-filename=\"Miquel-con-schnauzer-853x549.jpeg\" data-slide-type=\"image\"><img loading=\"lazy\" decoding=\"async\" src=\"https:\/\/www.canrayo.com\/wp-content\/uploads\/2018\/10\/Miquel-con-schnauzer-853x549.jpeg\" height=\"580\" width=\"900\" alt=\"Miquel con &quot;Nica&quot;\" class=\"slider-1400 slide-2443 msDefaultImage\" title=\"Miquel con &quot;Nica&quot;\" \/><\/li>\n                <li style=\"display: none; width: 100%;\" class=\"slide-1410 ms-image \" aria-roledescription=\"slide\" data-date=\"2015-11-03 00:00:06\" data-filename=\"20151102073102-900x580.jpg\" data-slide-type=\"image\"><img loading=\"lazy\" decoding=\"async\" src=\"https:\/\/www.canrayo.com\/wp-content\/uploads\/2015\/11\/20151102073102-900x580.jpg\" height=\"580\" width=\"900\" alt=\"\" class=\"slider-1400 slide-1410 msDefaultImage\" \/><\/li>\n                <li style=\"display: none; width: 100%;\" class=\"slide-1454 ms-image \" aria-roledescription=\"slide\" data-date=\"2015-12-03 15:55:44\" data-filename=\"Cachorros-de-Schauzer-Miniatura-Negro-Can-Rayo-718x463.jpg\" data-slide-type=\"image\"><img loading=\"lazy\" decoding=\"async\" src=\"https:\/\/www.canrayo.com\/wp-content\/uploads\/2015\/12\/Cachorros-de-Schauzer-Miniatura-Negro-Can-Rayo-718x463.jpg\" height=\"580\" width=\"900\" alt=\"\" class=\"slider-1400 slide-1454 msDefaultImage\" \/><\/li>\n                <li style=\"display: none; width: 100%;\" class=\"slide-1402 ms-image \" aria-roledescription=\"slide\" data-date=\"2015-11-02 23:54:46\" data-filename=\"20151102072844-900x580.jpg\" data-slide-type=\"image\"><img loading=\"lazy\" decoding=\"async\" src=\"https:\/\/www.canrayo.com\/wp-content\/uploads\/2015\/11\/20151102072844-900x580.jpg\" height=\"580\" width=\"900\" alt=\"\" class=\"slider-1400 slide-1402 msDefaultImage\" \/><\/li>\n                <li style=\"display: none; width: 100%;\" class=\"slide-1458 ms-image \" aria-roledescription=\"slide\" data-date=\"2015-12-15 07:49:53\" data-filename=\"Miquel-Brunells-con-Schnauzers-Miniatura-Negro-de-Can-Rayo-900x580.jpg\" data-slide-type=\"image\"><img loading=\"lazy\" decoding=\"async\" src=\"https:\/\/www.canrayo.com\/wp-content\/uploads\/2015\/12\/Miquel-Brunells-con-Schnauzers-Miniatura-Negro-de-Can-Rayo-900x580.jpg\" height=\"580\" width=\"900\" alt=\"\" class=\"slider-1400 slide-1458 msDefaultImage\" \/><\/li>\n                <li style=\"display: none; width: 100%;\" class=\"slide-1405 ms-image \" aria-roledescription=\"slide\" data-date=\"2015-11-02 23:56:03\" data-filename=\"20151102072913-1-900x580.jpg\" data-slide-type=\"image\"><img loading=\"lazy\" decoding=\"async\" src=\"https:\/\/www.canrayo.com\/wp-content\/uploads\/2015\/11\/20151102072913-1-900x580.jpg\" height=\"580\" width=\"900\" alt=\"\" class=\"slider-1400 slide-1405 msDefaultImage\" \/><\/li>\n                <li style=\"display: none; width: 100%;\" class=\"slide-2905 ms-image \" aria-roledescription=\"slide\" data-date=\"2019-10-08 10:01:52\" data-filename=\"Camada-de-Schnauzer-Miniatura-Negro-de-Can-Rayo-2019-10-07-900x580.jpeg\" data-slide-type=\"image\"><img loading=\"lazy\" decoding=\"async\" src=\"https:\/\/www.canrayo.com\/wp-content\/uploads\/2019\/10\/Camada-de-Schnauzer-Miniatura-Negro-de-Can-Rayo-2019-10-07-900x580.jpeg\" height=\"580\" width=\"900\" alt=\"\" class=\"slider-1400 slide-2905 msDefaultImage\" title=\"Camada de Schnauzer Miniatura Negro de Can Rayo 2019-10-07\" \/><\/li>\n                <li style=\"display: none; width: 100%;\" class=\"slide-2444 ms-image \" aria-roledescription=\"slide\" data-date=\"2018-10-19 15:41:16\" data-filename=\"Miquel-con-dos-schnauzer-853x549.jpeg\" data-slide-type=\"image\"><img loading=\"lazy\" decoding=\"async\" src=\"https:\/\/www.canrayo.com\/wp-content\/uploads\/2018\/10\/Miquel-con-dos-schnauzer-853x549.jpeg\" height=\"580\" width=\"900\" alt=\"Marfa &amp; Ginger con Miquel\" class=\"slider-1400 slide-2444 msDefaultImage\" title=\"Marfa &amp; Ginger con Miquel\" \/><\/li>\n                <li style=\"display: none; width: 100%;\" class=\"slide-2918 ms-image \" aria-roledescription=\"slide\" data-date=\"2019-10-28 18:45:40\" data-filename=\"Can-Rayo-breed-group-en-Valls-2019-carrusel-e1572339979221-865x558.jpeg\" data-slide-type=\"image\"><img loading=\"lazy\" decoding=\"async\" src=\"https:\/\/www.canrayo.com\/wp-content\/uploads\/2019\/10\/Can-Rayo-breed-group-en-Valls-2019-carrusel-e1572339979221-865x558.jpeg\" height=\"580\" width=\"900\" alt=\"\" class=\"slider-1400 slide-2918 msDefaultImage\" title=\"\" \/><\/li>\n            <\/ul>\n        <\/div>\n        \n    <\/div>\n<\/div><br \/>\nSalutacions,<\/p>\n<p>Miquel Brunells<\/p>\n<div id=\"metaslider-id-1400\" style=\"max-width: 900px; margin: 0 auto;\" class=\"ml-slider-3-108-0 metaslider metaslider-flex metaslider-1400 ml-slider has-dots-nav ms-theme-default\" role=\"region\" aria-label=\"Nuevo pase\" data-height=\"580\" data-width=\"900\">\n    <div id=\"metaslider_container_1400\">\n        <div id=\"metaslider_1400\">\n            <ul class='slides'>\n                <li style=\"display: block; width: 100%;\" class=\"slide-2731 ms-image \" aria-roledescription=\"slide\" data-date=\"2019-02-05 13:02:43\" data-filename=\"Camada-schnauzer-miniatura-negro-y-negro-plata-Can-Rayo-900x580.jpeg\" data-slide-type=\"image\"><img loading=\"lazy\" decoding=\"async\" src=\"https:\/\/www.canrayo.com\/wp-content\/uploads\/2019\/02\/Camada-schnauzer-miniatura-negro-y-negro-plata-Can-Rayo-900x580.jpeg\" height=\"580\" width=\"900\" alt=\"\" class=\"slider-1400 slide-2731 msDefaultImage\" title=\"Camada schnauzer miniatura negro y negro-plata Can Rayo\" \/><\/li>\n                <li style=\"display: none; width: 100%;\" class=\"slide-1408 ms-image \" aria-roledescription=\"slide\" data-date=\"2015-11-02 23:58:24\" data-filename=\"20151102073011-900x580.jpg\" data-slide-type=\"image\"><a href=\"http:\/\/www.canrayo.com\/nuestros-ejemplares\/nuestros-machos\/uzi-latoya-del-casa-di-vita\/\" target=\"_self\" aria-label=\"View Slide Details\" class=\"metaslider_image_link\"><img loading=\"lazy\" decoding=\"async\" src=\"https:\/\/www.canrayo.com\/wp-content\/uploads\/2015\/11\/20151102073011-900x580.jpg\" height=\"580\" width=\"900\" alt=\"Ego de Can Rayo y su padre Uzi Latoya D\u2019el Casa di Vita - Schanuzer Miniatura Negro\" class=\"slider-1400 slide-1408 msDefaultImage\" title=\"Uzi y Ego\" \/><\/a><\/li>\n                <li style=\"display: none; width: 100%;\" class=\"slide-2443 ms-image \" aria-roledescription=\"slide\" data-date=\"2018-10-19 15:40:37\" data-filename=\"Miquel-con-schnauzer-853x549.jpeg\" data-slide-type=\"image\"><img loading=\"lazy\" decoding=\"async\" src=\"https:\/\/www.canrayo.com\/wp-content\/uploads\/2018\/10\/Miquel-con-schnauzer-853x549.jpeg\" height=\"580\" width=\"900\" alt=\"Miquel con &quot;Nica&quot;\" class=\"slider-1400 slide-2443 msDefaultImage\" title=\"Miquel con &quot;Nica&quot;\" \/><\/li>\n                <li style=\"display: none; width: 100%;\" class=\"slide-1410 ms-image \" aria-roledescription=\"slide\" data-date=\"2015-11-03 00:00:06\" data-filename=\"20151102073102-900x580.jpg\" data-slide-type=\"image\"><img loading=\"lazy\" decoding=\"async\" src=\"https:\/\/www.canrayo.com\/wp-content\/uploads\/2015\/11\/20151102073102-900x580.jpg\" height=\"580\" width=\"900\" alt=\"\" class=\"slider-1400 slide-1410 msDefaultImage\" \/><\/li>\n                <li style=\"display: none; width: 100%;\" class=\"slide-1454 ms-image \" aria-roledescription=\"slide\" data-date=\"2015-12-03 15:55:44\" data-filename=\"Cachorros-de-Schauzer-Miniatura-Negro-Can-Rayo-718x463.jpg\" data-slide-type=\"image\"><img loading=\"lazy\" decoding=\"async\" src=\"https:\/\/www.canrayo.com\/wp-content\/uploads\/2015\/12\/Cachorros-de-Schauzer-Miniatura-Negro-Can-Rayo-718x463.jpg\" height=\"580\" width=\"900\" alt=\"\" class=\"slider-1400 slide-1454 msDefaultImage\" \/><\/li>\n                <li style=\"display: none; width: 100%;\" class=\"slide-1402 ms-image \" aria-roledescription=\"slide\" data-date=\"2015-11-02 23:54:46\" data-filename=\"20151102072844-900x580.jpg\" data-slide-type=\"image\"><img loading=\"lazy\" decoding=\"async\" src=\"https:\/\/www.canrayo.com\/wp-content\/uploads\/2015\/11\/20151102072844-900x580.jpg\" height=\"580\" width=\"900\" alt=\"\" class=\"slider-1400 slide-1402 msDefaultImage\" \/><\/li>\n                <li style=\"display: none; width: 100%;\" class=\"slide-1458 ms-image \" aria-roledescription=\"slide\" data-date=\"2015-12-15 07:49:53\" data-filename=\"Miquel-Brunells-con-Schnauzers-Miniatura-Negro-de-Can-Rayo-900x580.jpg\" data-slide-type=\"image\"><img loading=\"lazy\" decoding=\"async\" src=\"https:\/\/www.canrayo.com\/wp-content\/uploads\/2015\/12\/Miquel-Brunells-con-Schnauzers-Miniatura-Negro-de-Can-Rayo-900x580.jpg\" height=\"580\" width=\"900\" alt=\"\" class=\"slider-1400 slide-1458 msDefaultImage\" \/><\/li>\n                <li style=\"display: none; width: 100%;\" class=\"slide-1405 ms-image \" aria-roledescription=\"slide\" data-date=\"2015-11-02 23:56:03\" data-filename=\"20151102072913-1-900x580.jpg\" data-slide-type=\"image\"><img loading=\"lazy\" decoding=\"async\" src=\"https:\/\/www.canrayo.com\/wp-content\/uploads\/2015\/11\/20151102072913-1-900x580.jpg\" height=\"580\" width=\"900\" alt=\"\" class=\"slider-1400 slide-1405 msDefaultImage\" \/><\/li>\n                <li style=\"display: none; width: 100%;\" class=\"slide-2905 ms-image \" aria-roledescription=\"slide\" data-date=\"2019-10-08 10:01:52\" data-filename=\"Camada-de-Schnauzer-Miniatura-Negro-de-Can-Rayo-2019-10-07-900x580.jpeg\" data-slide-type=\"image\"><img loading=\"lazy\" decoding=\"async\" src=\"https:\/\/www.canrayo.com\/wp-content\/uploads\/2019\/10\/Camada-de-Schnauzer-Miniatura-Negro-de-Can-Rayo-2019-10-07-900x580.jpeg\" height=\"580\" width=\"900\" alt=\"\" class=\"slider-1400 slide-2905 msDefaultImage\" title=\"Camada de Schnauzer Miniatura Negro de Can Rayo 2019-10-07\" \/><\/li>\n                <li style=\"display: none; width: 100%;\" class=\"slide-2444 ms-image \" aria-roledescription=\"slide\" data-date=\"2018-10-19 15:41:16\" data-filename=\"Miquel-con-dos-schnauzer-853x549.jpeg\" data-slide-type=\"image\"><img loading=\"lazy\" decoding=\"async\" src=\"https:\/\/www.canrayo.com\/wp-content\/uploads\/2018\/10\/Miquel-con-dos-schnauzer-853x549.jpeg\" height=\"580\" width=\"900\" alt=\"Marfa &amp; Ginger con Miquel\" class=\"slider-1400 slide-2444 msDefaultImage\" title=\"Marfa &amp; Ginger con Miquel\" \/><\/li>\n                <li style=\"display: none; width: 100%;\" class=\"slide-2918 ms-image \" aria-roledescription=\"slide\" data-date=\"2019-10-28 18:45:40\" data-filename=\"Can-Rayo-breed-group-en-Valls-2019-carrusel-e1572339979221-865x558.jpeg\" data-slide-type=\"image\"><img loading=\"lazy\" decoding=\"async\" src=\"https:\/\/www.canrayo.com\/wp-content\/uploads\/2019\/10\/Can-Rayo-breed-group-en-Valls-2019-carrusel-e1572339979221-865x558.jpeg\" height=\"580\" width=\"900\" alt=\"\" class=\"slider-1400 slide-2918 msDefaultImage\" title=\"\" \/><\/li>\n            <\/ul>\n        <\/div>\n        \n    <\/div>\n<\/div>\n<p>Schnauzer Miniatura Negre<br \/>\n<strong>Nucli zool\u00f2gic B-2501251.<\/strong><\/p>\n<p>Afixe RSCE 528 &#8211; FCI 30\/71<\/p>\n<p>M\u00e0ster Etologia Cl\u00ednica Universitat Aut\u00f2noma de Barcelona.<\/p>\n<p>Assistent T\u00e8cnic Veterinari &#8211; UAB<\/p>\n","protected":false},"excerpt":{"rendered":"<p>Benvinguts a CAN RAYO Us conviden a visitar la nostra p\u00e0gina web, amb l\u00b4ilusi\u00f3 de mostrar-vos i compartir amb vosaltres les nostres inquietuts i els nostres m\u00e9s preuats tresors. Salutacions, Miquel Brunells Schnauzer Miniatura Negre Nucli zool\u00f2gic B-2501251. Afixe RSCE 528 &#8211; FCI 30\/71 M\u00e0ster Etologia Cl\u00ednica Universitat Aut\u00f2noma de [&hellip;]<\/p>\n","protected":false},"author":2,"featured_media":983,"parent":0,"menu_order":0,"comment_status":"closed","ping_status":"closed","template":"","meta":{"footnotes":""},"class_list":["post-13","page","type-page","status-publish","has-post-thumbnail","hentry"],"yoast_head":"<!-- This site is optimized with the Yoast SEO plugin v27.4 - https:\/\/yoast.com\/product\/yoast-seo-wordpress\/ -->\n<title>Can Rayo - Schnauzer Miniatura Negro - Schnauzer Miniatura Negro de Can Rayo<\/title>\n<meta name=\"description\" content=\"CAN RAYO. Criador de Schnauzer Miniatura Negro. N\u00facleo zool\u00f3gico autorizado B2501251. Afijo RSCE 528, desde el a\u00f1o 1971 - FCI 30\/71. Miquel Brunells. M\u00e1ster Etolog\u00eda Cl\u00ednica Universitat Aut\u00f2noma de Barcelona. Asistente T\u00e9cnico Veterinario - UAB\" \/>\n<meta name=\"robots\" content=\"index, follow, max-snippet:-1, max-image-preview:large, max-video-preview:-1\" \/>\n<link rel=\"canonical\" href=\"https:\/\/www.canrayo.com\/ca\/schnauzer-miniatura-negro-principal\/\" \/>\n<meta property=\"og:locale\" content=\"es_ES\" \/>\n<meta property=\"og:locale:alternate\" content=\"en_US\" \/>\n<meta property=\"og:locale:alternate\" content=\"es_ES\" \/>\n<meta property=\"og:type\" content=\"article\" \/>\n<meta property=\"og:title\" content=\"Can Rayo - Schnauzer Miniatura Negro - Schnauzer Miniatura Negro de Can Rayo\" \/>\n<meta property=\"og:description\" content=\"CAN RAYO. Criador de Schnauzer Miniatura Negro. N\u00facleo zool\u00f3gico autorizado B2501251. Afijo RSCE 528, desde el a\u00f1o 1971 - FCI 30\/71. Miquel Brunells. M\u00e1ster Etolog\u00eda Cl\u00ednica Universitat Aut\u00f2noma de Barcelona. Asistente T\u00e9cnico Veterinario - UAB\" \/>\n<meta property=\"og:url\" content=\"https:\/\/www.canrayo.com\/ca\/schnauzer-miniatura-negro-principal\/\" \/>\n<meta property=\"og:site_name\" content=\"Schnauzer Miniatura Negro de Can Rayo\" \/>\n<meta property=\"article:publisher\" content=\"https:\/\/www.facebook.com\/can.rayo\" \/>\n<meta property=\"article:modified_time\" content=\"2023-03-22T15:30:05+00:00\" \/>\n<meta property=\"og:image\" content=\"https:\/\/www.canrayo.com\/wp-content\/uploads\/2014\/01\/image2.jpg\" \/>\n\t<meta property=\"og:image:width\" content=\"800\" \/>\n\t<meta property=\"og:image:height\" content=\"303\" \/>\n\t<meta property=\"og:image:type\" content=\"image\/jpeg\" \/>\n<meta name=\"twitter:card\" content=\"summary_large_image\" \/>\n<meta name=\"twitter:label1\" content=\"Est. reading time\" \/>\n\t<meta name=\"twitter:data1\" content=\"1 minute\" \/>\n<script type=\"application\/ld+json\" class=\"yoast-schema-graph\">{\"@context\":\"https:\\\/\\\/schema.org\",\"@graph\":[{\"@type\":\"WebPage\",\"@id\":\"https:\\\/\\\/www.canrayo.com\\\/schnauzer-miniatura-negro-principal\\\/\",\"url\":\"https:\\\/\\\/www.canrayo.com\\\/schnauzer-miniatura-negro-principal\\\/\",\"name\":\"Can Rayo - Schnauzer Miniatura Negro - Schnauzer Miniatura Negro de Can Rayo\",\"isPartOf\":{\"@id\":\"https:\\\/\\\/www.canrayo.com\\\/#website\"},\"primaryImageOfPage\":{\"@id\":\"https:\\\/\\\/www.canrayo.com\\\/schnauzer-miniatura-negro-principal\\\/#primaryimage\"},\"image\":{\"@id\":\"https:\\\/\\\/www.canrayo.com\\\/schnauzer-miniatura-negro-principal\\\/#primaryimage\"},\"thumbnailUrl\":\"https:\\\/\\\/www.canrayo.com\\\/wp-content\\\/uploads\\\/2014\\\/01\\\/image2.jpg\",\"datePublished\":\"2014-01-24T21:29:56+00:00\",\"dateModified\":\"2023-03-22T15:30:05+00:00\",\"description\":\"CAN RAYO. Criador de Schnauzer Miniatura Negro. N\u00facleo zool\u00f3gico autorizado B2501251. Afijo RSCE 528, desde el a\u00f1o 1971 - FCI 30\\\/71. Miquel Brunells. M\u00e1ster Etolog\u00eda Cl\u00ednica Universitat Aut\u00f2noma de Barcelona. Asistente T\u00e9cnico Veterinario - UAB\",\"breadcrumb\":{\"@id\":\"https:\\\/\\\/www.canrayo.com\\\/schnauzer-miniatura-negro-principal\\\/#breadcrumb\"},\"inLanguage\":\"es-CA\",\"potentialAction\":[{\"@type\":\"ReadAction\",\"target\":[\"https:\\\/\\\/www.canrayo.com\\\/schnauzer-miniatura-negro-principal\\\/\"]}]},{\"@type\":\"ImageObject\",\"inLanguage\":\"es-CA\",\"@id\":\"https:\\\/\\\/www.canrayo.com\\\/schnauzer-miniatura-negro-principal\\\/#primaryimage\",\"url\":\"https:\\\/\\\/www.canrayo.com\\\/wp-content\\\/uploads\\\/2014\\\/01\\\/image2.jpg\",\"contentUrl\":\"https:\\\/\\\/www.canrayo.com\\\/wp-content\\\/uploads\\\/2014\\\/01\\\/image2.jpg\",\"width\":800,\"height\":303},{\"@type\":\"BreadcrumbList\",\"@id\":\"https:\\\/\\\/www.canrayo.com\\\/schnauzer-miniatura-negro-principal\\\/#breadcrumb\",\"itemListElement\":[{\"@type\":\"ListItem\",\"position\":1,\"name\":\"Portada\",\"item\":\"https:\\\/\\\/www.canrayo.com\\\/\"},{\"@type\":\"ListItem\",\"position\":2,\"name\":\"Can Rayo &#8211; Schnauzer Miniatura Negro\"}]},{\"@type\":\"WebSite\",\"@id\":\"https:\\\/\\\/www.canrayo.com\\\/#website\",\"url\":\"https:\\\/\\\/www.canrayo.com\\\/\",\"name\":\"Schnauzer Miniatura Negro de Can Rayo\",\"description\":\"Can Rayo. Criador de Schnauzer Miniatura Negro - Afijo RSCE 528 \u2013 FCI 30\\\/71\",\"publisher\":{\"@id\":\"https:\\\/\\\/www.canrayo.com\\\/#organization\"},\"potentialAction\":[{\"@type\":\"SearchAction\",\"target\":{\"@type\":\"EntryPoint\",\"urlTemplate\":\"https:\\\/\\\/www.canrayo.com\\\/?s={search_term_string}\"},\"query-input\":{\"@type\":\"PropertyValueSpecification\",\"valueRequired\":true,\"valueName\":\"search_term_string\"}}],\"inLanguage\":\"es-CA\"},{\"@type\":\"Organization\",\"@id\":\"https:\\\/\\\/www.canrayo.com\\\/#organization\",\"name\":\"Schnauzer Miniatura Negro de Can Rayo\",\"url\":\"https:\\\/\\\/www.canrayo.com\\\/\",\"logo\":{\"@type\":\"ImageObject\",\"inLanguage\":\"es-CA\",\"@id\":\"https:\\\/\\\/www.canrayo.com\\\/#\\\/schema\\\/logo\\\/image\\\/\",\"url\":\"https:\\\/\\\/www.canrayo.com\\\/wp-content\\\/uploads\\\/2022\\\/05\\\/logo-rojo-fondo-transparente.png\",\"contentUrl\":\"https:\\\/\\\/www.canrayo.com\\\/wp-content\\\/uploads\\\/2022\\\/05\\\/logo-rojo-fondo-transparente.png\",\"width\":2272,\"height\":494,\"caption\":\"Schnauzer Miniatura Negro de Can Rayo\"},\"image\":{\"@id\":\"https:\\\/\\\/www.canrayo.com\\\/#\\\/schema\\\/logo\\\/image\\\/\"},\"sameAs\":[\"https:\\\/\\\/www.facebook.com\\\/can.rayo\",\"https:\\\/\\\/www.instagram.com\\\/canrayo_schnauzer\"]}]}<\/script>\n<!-- \/ Yoast SEO plugin. -->","yoast_head_json":{"title":"Can Rayo - Schnauzer Miniatura Negro - Schnauzer Miniatura Negro de Can Rayo","description":"CAN RAYO. Criador de Schnauzer Miniatura Negro. N\u00facleo zool\u00f3gico autorizado B2501251. Afijo RSCE 528, desde el a\u00f1o 1971 - FCI 30\/71. Miquel Brunells. M\u00e1ster Etolog\u00eda Cl\u00ednica Universitat Aut\u00f2noma de Barcelona. Asistente T\u00e9cnico Veterinario - UAB","robots":{"index":"index","follow":"follow","max-snippet":"max-snippet:-1","max-image-preview":"max-image-preview:large","max-video-preview":"max-video-preview:-1"},"canonical":"https:\/\/www.canrayo.com\/ca\/schnauzer-miniatura-negro-principal\/","og_locale":"es_ES","og_type":"article","og_title":"Can Rayo - Schnauzer Miniatura Negro - Schnauzer Miniatura Negro de Can Rayo","og_description":"CAN RAYO. Criador de Schnauzer Miniatura Negro. N\u00facleo zool\u00f3gico autorizado B2501251. Afijo RSCE 528, desde el a\u00f1o 1971 - FCI 30\/71. Miquel Brunells. M\u00e1ster Etolog\u00eda Cl\u00ednica Universitat Aut\u00f2noma de Barcelona. Asistente T\u00e9cnico Veterinario - UAB","og_url":"https:\/\/www.canrayo.com\/ca\/schnauzer-miniatura-negro-principal\/","og_site_name":"Schnauzer Miniatura Negro de Can Rayo","article_publisher":"https:\/\/www.facebook.com\/can.rayo","article_modified_time":"2023-03-22T15:30:05+00:00","og_image":[{"width":800,"height":303,"url":"https:\/\/www.canrayo.com\/wp-content\/uploads\/2014\/01\/image2.jpg","type":"image\/jpeg"}],"twitter_card":"summary_large_image","twitter_misc":{"Est. reading time":"1 minute"},"schema":{"@context":"https:\/\/schema.org","@graph":[{"@type":"WebPage","@id":"https:\/\/www.canrayo.com\/schnauzer-miniatura-negro-principal\/","url":"https:\/\/www.canrayo.com\/schnauzer-miniatura-negro-principal\/","name":"Can Rayo - Schnauzer Miniatura Negro - Schnauzer Miniatura Negro de Can Rayo","isPartOf":{"@id":"https:\/\/www.canrayo.com\/#website"},"primaryImageOfPage":{"@id":"https:\/\/www.canrayo.com\/schnauzer-miniatura-negro-principal\/#primaryimage"},"image":{"@id":"https:\/\/www.canrayo.com\/schnauzer-miniatura-negro-principal\/#primaryimage"},"thumbnailUrl":"https:\/\/www.canrayo.com\/wp-content\/uploads\/2014\/01\/image2.jpg","datePublished":"2014-01-24T21:29:56+00:00","dateModified":"2023-03-22T15:30:05+00:00","description":"CAN RAYO. Criador de Schnauzer Miniatura Negro. N\u00facleo zool\u00f3gico autorizado B2501251. Afijo RSCE 528, desde el a\u00f1o 1971 - FCI 30\/71. Miquel Brunells. M\u00e1ster Etolog\u00eda Cl\u00ednica Universitat Aut\u00f2noma de Barcelona. Asistente T\u00e9cnico Veterinario - UAB","breadcrumb":{"@id":"https:\/\/www.canrayo.com\/schnauzer-miniatura-negro-principal\/#breadcrumb"},"inLanguage":"es-CA","potentialAction":[{"@type":"ReadAction","target":["https:\/\/www.canrayo.com\/schnauzer-miniatura-negro-principal\/"]}]},{"@type":"ImageObject","inLanguage":"es-CA","@id":"https:\/\/www.canrayo.com\/schnauzer-miniatura-negro-principal\/#primaryimage","url":"https:\/\/www.canrayo.com\/wp-content\/uploads\/2014\/01\/image2.jpg","contentUrl":"https:\/\/www.canrayo.com\/wp-content\/uploads\/2014\/01\/image2.jpg","width":800,"height":303},{"@type":"BreadcrumbList","@id":"https:\/\/www.canrayo.com\/schnauzer-miniatura-negro-principal\/#breadcrumb","itemListElement":[{"@type":"ListItem","position":1,"name":"Portada","item":"https:\/\/www.canrayo.com\/"},{"@type":"ListItem","position":2,"name":"Can Rayo &#8211; Schnauzer Miniatura Negro"}]},{"@type":"WebSite","@id":"https:\/\/www.canrayo.com\/#website","url":"https:\/\/www.canrayo.com\/","name":"Schnauzer Miniatura Negro de Can Rayo","description":"Can Rayo. Criador de Schnauzer Miniatura Negro - Afijo RSCE 528 \u2013 FCI 30\/71","publisher":{"@id":"https:\/\/www.canrayo.com\/#organization"},"potentialAction":[{"@type":"SearchAction","target":{"@type":"EntryPoint","urlTemplate":"https:\/\/www.canrayo.com\/?s={search_term_string}"},"query-input":{"@type":"PropertyValueSpecification","valueRequired":true,"valueName":"search_term_string"}}],"inLanguage":"es-CA"},{"@type":"Organization","@id":"https:\/\/www.canrayo.com\/#organization","name":"Schnauzer Miniatura Negro de Can Rayo","url":"https:\/\/www.canrayo.com\/","logo":{"@type":"ImageObject","inLanguage":"es-CA","@id":"https:\/\/www.canrayo.com\/#\/schema\/logo\/image\/","url":"https:\/\/www.canrayo.com\/wp-content\/uploads\/2022\/05\/logo-rojo-fondo-transparente.png","contentUrl":"https:\/\/www.canrayo.com\/wp-content\/uploads\/2022\/05\/logo-rojo-fondo-transparente.png","width":2272,"height":494,"caption":"Schnauzer Miniatura Negro de Can Rayo"},"image":{"@id":"https:\/\/www.canrayo.com\/#\/schema\/logo\/image\/"},"sameAs":["https:\/\/www.facebook.com\/can.rayo","https:\/\/www.instagram.com\/canrayo_schnauzer"]}]}},"_links":{"self":[{"href":"https:\/\/www.canrayo.com\/ca\/wp-json\/wp\/v2\/pages\/13","targetHints":{"allow":["GET"]}}],"collection":[{"href":"https:\/\/www.canrayo.com\/ca\/wp-json\/wp\/v2\/pages"}],"about":[{"href":"https:\/\/www.canrayo.com\/ca\/wp-json\/wp\/v2\/types\/page"}],"author":[{"embeddable":true,"href":"https:\/\/www.canrayo.com\/ca\/wp-json\/wp\/v2\/users\/2"}],"replies":[{"embeddable":true,"href":"https:\/\/www.canrayo.com\/ca\/wp-json\/wp\/v2\/comments?post=13"}],"version-history":[{"count":10,"href":"https:\/\/www.canrayo.com\/ca\/wp-json\/wp\/v2\/pages\/13\/revisions"}],"predecessor-version":[{"id":5363,"href":"https:\/\/www.canrayo.com\/ca\/wp-json\/wp\/v2\/pages\/13\/revisions\/5363"}],"wp:featuredmedia":[{"embeddable":true,"href":"https:\/\/www.canrayo.com\/ca\/wp-json\/wp\/v2\/media\/983"}],"wp:attachment":[{"href":"https:\/\/www.canrayo.com\/ca\/wp-json\/wp\/v2\/media?parent=13"}],"curies":[{"name":"wp","href":"https:\/\/api.w.org\/{rel}","templated":true}]}}